{"id":414,"date":"2021-02-03T11:33:58","date_gmt":"2021-02-03T11:33:58","guid":{"rendered":"http:\/\/61works.com\/onda\/?page_id=414"},"modified":"2021-02-03T13:23:48","modified_gmt":"2021-02-03T13:23:48","slug":"gunesi-gozden-kacirmayin-pedal-cevirin","status":"publish","type":"page","link":"https:\/\/onda.com.tr\/tr\/gunesi-gozden-kacirmayin-pedal-cevirin\/","title":{"rendered":"G\u00fcne\u015fi g\u00f6zden ka\u00e7\u0131rmay\u0131n pedal \u00e7evirin"},"content":{"rendered":"<div class=\"articles_page\">\n<h3 class=\"blue_text\">(Bu makale HaberT\u00fcrk HT Hayat&#8217;ta yay\u0131nlanm\u0131\u015ft\u0131r.)<\/h3>\n<p>Ge\u00e7ti\u011fimiz haftaki yaz\u0131mda hep beraber \u201cbeynimizi kam\u00e7\u0131layal\u0131m\u201d demi\u015ftik.<\/p>\n<p>Bayram tatili sona erdi, hatta y\u0131ll\u0131k izinler de bitti ve yepyeni bir \u00e7al\u0131\u015fma d\u00f6nemi ba\u015flad\u0131 diyebiliriz. Yaz aylar\u0131nda biraz daha a\u011f\u0131r d\u00fc\u015f\u00fcn\u00fclen, tatil odakl\u0131, d\u00fc\u015f\u00fcncelerin ve projelerin nadasa b\u0131rak\u0131ld\u0131\u011f\u0131 aylar ya\u015fan\u0131yor genellikle\u2026<\/p>\n<p>Pedal \u00e7eviriyoruz\u2026<\/p>\n<p>Tabi t\u00fcm bu tan\u0131mlamalar giri\u015fimciler i\u00e7in ge\u00e7erli de\u011fil! Giri\u015fimci \u00e7al\u0131\u015fan kad\u0131n dostlar\u0131m eminim ki yaz aylar\u0131n\u0131 biraz zorluk, biraz d\u00fc\u015f\u00fcnce, yeni \u00e7al\u0131\u015fma d\u00f6nemi i\u00e7in tazelenme, fikir \u00fcretme ama\u00e7l\u0131 ge\u00e7irdiler. Biliyoruz ki giri\u015fimcilik bisiklete binmek gibidir, pedal \u00e7evirmeyi b\u0131rak\u0131rsan\u0131z d\u00fc\u015fersiniz. Hatta hep s\u00f6yledi\u011fimiz gibi son y\u0131llarda yoku\u015f yukar\u0131 pedal \u00e7evriliyor. Bu durumda giri\u015fimcilere her zaman yarat\u0131c\u0131 olmalar\u0131 gerekti\u011fini hat\u0131rlat\u0131yor.<\/p>\n<p>\u00c7\u00fcnk\u00fc ne kadar yarat\u0131c\u0131 olunur ise pedallar o kadar kolay \u00e7evrilir. R\u00fczg\u00e2ra kar\u015f\u0131 de\u011fil, r\u00fczg\u00e2r\u0131 arkam\u0131za alarak\u2026<\/p>\n<p>Ge\u00e7en yaz\u0131mdan sonra \u00e7ok de\u011ferli arkada\u015flar\u0131mdan pek \u00e7ok telefon ald\u0131m.<\/p>\n<p>Yarat\u0131c\u0131l\u0131k konusunun \u015fu anda en \u00f6nemli g\u00fcndemleri oldu\u011funu bununla beraber nas\u0131l yarat\u0131c\u0131 olabiliriz sorusunun yan\u0131t\u0131n\u0131 arad\u0131klar\u0131n\u0131 ilettiler. Hatta kitab\u0131n\u0131 tamamlamak \u00fczere olan \u00e7ok sevdi\u011fim bir arkada\u015f\u0131m &#8220;ger\u00e7ekten beynimi kam\u00e7\u0131l\u0131yorum ve yaz\u0131yorum&#8221; yorumunu yapt\u0131 ve biraz daha yazmaya karar verdim bu konu ile ilgili\u2026<\/p>\n<p>Bir s\u00fcre\u00e7, bir emek, bir mesai\u2026<\/p>\n<p>Yarat\u0131c\u0131l\u0131k bir s\u00fcre\u00e7, bir emek, bir mesai ayn\u0131 zamanda\u2026 Yarat\u0131c\u0131 olmak beynimizin sa\u011f b\u00f6l\u00fcm\u00fcn\u00fc kam\u00e7\u0131larken ayn\u0131 zamanda sol b\u00f6l\u00fcm\u00fcne de kap\u0131 n\u00f6beti tutturmay\u0131 gerektirir. Yarat\u0131c\u0131l\u0131k farkl\u0131 noktalardan beslenir. Herkesin yarat\u0131c\u0131l\u0131k s\u00fcrecinde ilham perisi de bana g\u00f6re farkl\u0131d\u0131r. Okumak, konuya odaklanarak farkl\u0131 vakalar\u0131 incelemek, de\u011fi\u015fik k\u00fclt\u00fcrleri ara\u015ft\u0131rmak, reklamlar\u0131 izlemek, markalar\u0131n \u00fclkelere g\u00f6re haz\u0131rlad\u0131\u011f\u0131 reklam panolar\u0131n\u0131 bulmak ve incelemek, filmler \u00f6zellikle sevdi\u011fim k\u00fclt\u00fcrlere ait filmler benim yarat\u0131c\u0131l\u0131k s\u00fcrecinde en \u00e7ok ilham ald\u0131\u011f\u0131m yard\u0131mc\u0131lar\u0131m diyebilirim.<\/p>\n<p>Nas\u0131l bir evreka durumu?<\/p>\n<p>Yarat\u0131c\u0131l\u0131k asl\u0131nda her insan\u0131n i\u00e7inde mutlaka var olan sadece hayat\u0131n ko\u015fu\u015fturmas\u0131 i\u00e7inde bazen d\u0131\u015far\u0131 \u00e7\u0131kmaya f\u0131rsat bulamayan bir evreka durumudur. Neden olmas\u0131n yakla\u015f\u0131m\u0131 ile harekete ge\u00e7er, b\u00f6yle olsa nas\u0131l olur diye \u015fekillenir. Bir de bu taraftan baksak diyerek olgunla\u015f\u0131r, i\u015fte b\u00f6ylesi hi\u00e7bir yerde yok diyerek tamamlan\u0131r ve \u2018i\u015fte sahne\u2019 diyerek hedef kitlesi ve ilgilenenleri ile bulu\u015fur.<br \/>\nYarat\u0131c\u0131l\u0131k ile ilgili \u00e7ok kitap okudum ve okumay\u0131 s\u00fcrd\u00fcr\u00fcyorum. \u00d6zellikle reklam filmlerini izliyorum, yarat\u0131c\u0131 reklam ajanslar\u0131n\u0131n yapt\u0131klar\u0131 \u00e7al\u0131\u015fmalar\u0131 takip ediyorum ve bak\u0131\u015f a\u00e7\u0131lar\u0131n\u0131 ke\u015ffediyorum. Yarat\u0131c\u0131l\u0131k i\u00e7in en \u00f6nemli yetkinliklerden biri de fark\u0131ndal\u0131k.<\/p>\n<p>Fark\u0131ndal\u0131k bir de vizyoner bak\u0131\u015f a\u00e7\u0131s\u0131 ile ayn\u0131 yolda bulu\u015fursa, ayr\u0131ca yap\u0131lan i\u015fe sayg\u0131, ba\u011fl\u0131l\u0131k ve emek de kat\u0131l\u0131rsa bak\u0131n neler ortaya \u00e7\u0131k\u0131yor&#8230;<\/p>\n<p>2016 Yaz Olimpiyatlar\u0131 logosunun yarat\u0131c\u0131 hik\u00e2yesi\u2026<\/p>\n<p>Brezilya\u2019n\u0131n Rio de Janeiro kentinde 2016 y\u0131l\u0131 yaz\u0131nda yaz olimpiyatlar\u0131 ger\u00e7ekle\u015fecek. Olimpiyatlar i\u00e7in logo \u00e7al\u0131\u015fmas\u0131 yapan tasar\u0131m st\u00fcdyosu Tatil Design t\u00fcm ekibini bu projeye odaklayarak harika bir yarat\u0131c\u0131l\u0131\u011fa imza atm\u0131\u015f.<\/p>\n<p>Benim sizlere tavsiyem konu ile ilgili internette bu yarat\u0131c\u0131l\u0131k s\u00fcrecini anlatan bir video var, mutlaka izleyiniz. Tatil Design \u015firketinin her bir \u00fcyesi bu logo \u00e7al\u0131\u015fmas\u0131n\u0131 kendisine \u00fclkesini, \u015fehrini, k\u00fclt\u00fcr\u00fcn\u00fc ifade etmek \u00fczere misyon edinmi\u015f, her \u00e7al\u0131\u015fan farkl\u0131 bir bak\u0131\u015f a\u00e7\u0131s\u0131 ile ortak bir ama\u00e7 belirlemi\u015f, g\u00fcnler, aylar s\u00fcren \u00e7al\u0131\u015fma sonunda yap\u0131lan s\u00f6yle\u015filerde bir hayalin ger\u00e7ek oldu\u011funu ve logonun bitti\u011fine ve kazand\u0131\u011f\u0131na inanamad\u0131klar\u0131n\u0131 ifade ediyorlar.<\/p>\n<p>Ge\u00e7ti\u011fimiz g\u00fcnlerde 139 \u00e7al\u0131\u015fma aras\u0131ndan se\u00e7ilen Logo Olimpiyat Komitesi Ba\u015fkan\u0131 Jacques Rogge taraf\u0131ndan bas\u0131na tan\u0131t\u0131ld\u0131.<br \/>\n\u0130\u015fte bu nedenle yarat\u0131c\u0131l\u0131k bir mesai, bir emek, bir misyon ve bir mutluluk bence\u2026 Ve tabi ki e\u011flenceli bir s\u00fcre\u00e7\u2026<\/p>\n<p>\u0130ster i\u015fimiz ile ilgili yepyeni bir proje olsun, ister ilk defa denedi\u011fimiz bir yemek, ister \u00e7ocu\u011fumuzun yapt\u0131\u011f\u0131 hayata farkl\u0131 bakan bir resim olsun, ister annemizin dikti\u011fi bir elbise, bir arkada\u015f\u0131m\u0131z\u0131n yazd\u0131\u011f\u0131 kitap, yeni bir televizyon program\u0131, bir moda tasar\u0131mc\u0131s\u0131n\u0131n g\u00f6zlerinden o harika k\u0131rm\u0131z\u0131 ve kuma\u015f\u0131n dans\u0131 yarat\u0131c\u0131l\u0131k her zaman g\u00fcl\u00fcmseten bir s\u00fcre\u00e7tir.<\/p>\n<p>Hi\u00e7 d\u00fc\u015f\u00fcnd\u00fcn\u00fcz m\u00fc?<\/p>\n<p>Hi\u00e7 d\u00fc\u015f\u00fcnd\u00fcn\u00fcz m\u00fc, imk\u00e2nlar\u0131n \u00e7ok daha k\u0131s\u0131tl\u0131 oldu\u011fu, d\u00fc\u015f\u00fcnmenin ve \u00fcretmenin hi\u00e7bir kaynak ile desteklenmedi\u011fi, teknolojiden \u00e7ok uzak zamanlar da yarat\u0131c\u0131l\u0131k neden daha yo\u011fun ya\u015fanan bir olgu, bir ortaya \u00e7\u0131karma s\u00fcreci idi\u2026<\/p>\n<p>Tarihe bakt\u0131\u011f\u0131m\u0131zda yarat\u0131c\u0131l\u0131k ile ilgili g\u00fcn\u00fcm\u00fcze kadar uzanan ve kendi alan\u0131na ebedi imzalar atm\u0131\u015f ki\u015fi ve \u00fcr\u00fcnlerin zor anlarda ortaya \u00e7\u0131kt\u0131\u011f\u0131n\u0131 g\u00f6r\u00fcyoruz. Tam &#8220;bitti&#8221; denilen anlarda, &#8220;\u00e7aresizim&#8221; duygusunun yo\u011funla\u015ft\u0131\u011f\u0131 dakikalarda, &#8220;bunun \u00e7aresi nedir?&#8221; sorusunun geldi\u011fi zamanlarda en yarat\u0131c\u0131 insanlar ortaya \u00e7\u0131km\u0131\u015flar ve fark yaratm\u0131\u015flar.<\/p>\n<p>\u00c7\u00fcnk\u00fc onlar kendilerine inanm\u0131\u015flar, zorluklar kar\u015f\u0131s\u0131nda y\u0131lmam\u0131\u015flar, d\u00fcnden h\u0131zl\u0131 olmu\u015flar ve hayallerinin pe\u015fini b\u0131rakmam\u0131\u015flard\u0131r.<\/p>\n<p>Onlar maalesef g\u00fcn\u00fcm\u00fczde s\u0131kl\u0131kla kar\u015f\u0131la\u015f\u0131lan motivasyon k\u0131r\u0131c\u0131lar ile samimiyet kurmam\u0131\u015flar, zihinlerindeki kilitleri a\u00e7m\u0131\u015flard\u0131r. Az asl\u0131nda \u00e7oktur demi\u015flerdir. Onlar deneyimlerini, bilgilerini linklemi\u015fler, \u00fcz\u00fcm cenderesine bak\u0131p bask\u0131 kal\u0131b\u0131n\u0131 hayal etmi\u015flerdir.<\/p>\n<p>Yarat\u0131c\u0131 d\u00fc\u015f\u00fcnmenin \u00f6z\u00fcnde sahip olunan bilgileri, \u00f6rnekleri, deneyimleri linklemek ve bir arada kullanabilmek, bu birliktelikten yeni yarat\u0131c\u0131 fikirler yaratmak vard\u0131r. Buna \u00e7ok g\u00fczel bir \u00f6rnek 15. y\u00fczy\u0131l Alman mucidi Johannes Gutenberg\u2019tir. Gutenberg\u2019in yapt\u0131\u011f\u0131 birbiri ile alakal\u0131 olmayan iki fikri birle\u015ftirmektir.<\/p>\n<p>\u00dcz\u00fcm Cenderesi ve Bask\u0131 Kal\u0131b\u0131\u2026 Bask\u0131 kal\u0131b\u0131n\u0131n amac\u0131 \u015feklin izini \u00e7\u0131karmak, \u00fcz\u00fcm cenderesinin amac\u0131 ise geni\u015f bir alana g\u00fc\u00e7 uygulay\u0131p \u00fcz\u00fcm\u00fcn suyunu s\u0131kmakt\u0131r. \u0130\u015fte matbaa b\u00f6yle do\u011fmu\u015ftur.<\/p>\n<p>Bununla beraber yarat\u0131c\u0131l\u0131k mutlaka bir icat ya da inovasyon ile sonu\u00e7lanmak durumunda de\u011fildir, yarat\u0131c\u0131l\u0131k daha \u00f6nceki yaz\u0131mda da belirtti\u011fim gibi hayal etme, farkl\u0131 yollar ke\u015ffederek yeni fikirler geli\u015ftirebilme yetene\u011fidir.<\/p>\n<p>Herkesin bakt\u0131\u011f\u0131 noktaya herkesle ayn\u0131 zamanda bakmak, bununla beraber herkesin g\u00f6rmedi\u011fini g\u00f6rebilmek ve hayal edebilmektir.<\/p>\n<p>Peki, bizler daha, \u00e7ok daha yarat\u0131c\u0131 d\u00fc\u015f\u00fcnebilmek i\u00e7in neler yapmal\u0131y\u0131z?<\/p>\n<p>\u015eimdi \u015fu 3 soruyu acilen kendimize sormal\u0131y\u0131z ve verdi\u011fimiz cevaplar\u0131 de\u011ferlendirmeliyiz.<\/p>\n<ul>\n<li>En son ne zaman akl\u0131ma yarat\u0131c\u0131 bir fikir geldi?<br \/>\n\u2022 Bu fikir neydi?<br \/>\n\u2022 Daha yarat\u0131c\u0131 olmam i\u00e7in beni neler motive eder?<\/li>\n<\/ul>\n<p>Yarat\u0131c\u0131 olmak i\u00e7in bilgi sahibi olmal\u0131y\u0131z, bununla beraber sadece bilmek de\u011fil en \u00f6nemli ad\u0131m yapabilmektir.<\/p>\n<p>Tarihten \u00e7ok etkileyici bir yarat\u0131c\u0131l\u0131k \u00f6rne\u011fini e\u011fitimlerimde kat\u0131l\u0131mc\u0131lar ile s\u0131kl\u0131kla payla\u015f\u0131r\u0131m. Bilmek, fikirde yarat\u0131c\u0131 olabilmek ve uygulayabilmek\u2026 Zorluklar\u0131 yarat\u0131c\u0131 fikirler ile a\u015fabilmek, yarat\u0131c\u0131 canland\u0131rma ile amac\u0131m\u0131za ula\u015fabilmek\u2026 Mesaj \u00e7ok yal\u0131n ve net\u2026<\/p>\n<p>1792\u2019de Joseph Haydn sarayl\u0131 m\u00fczisyenleri olduk\u00e7a \u00f6fkeli idiler. \u00c7\u00fcnk\u00fc d\u00fck onlara bir tatil s\u00f6z\u00fc vermesinin hemen ard\u0131ndan bu tatili ertelemi\u015fti.<\/p>\n<p>Haydn\u2019dan d\u00fcke giderek bu izin konusunda konu\u015fmas\u0131n\u0131 istediler. Haydn\u2019\u0131n bu noktada akl\u0131na olduk\u00e7a yarat\u0131c\u0131 bir fikir geldi. Konu\u015fmay\u0131 kendisi de\u011fil m\u00fczik yapacakt\u0131. Bu d\u00fc\u015f\u00fcnce oraya bir sanat eserinin de \u00e7\u0131kmas\u0131na neden oldu: \u201cVeda Senfonisi\u201d<\/p>\n<p>Senfoni orkestran\u0131n b\u00fct\u00fcn\u00fc ile ba\u015fl\u0131yordu ve sonlar\u0131na do\u011fru enstr\u00fcman say\u0131s\u0131 gittik\u00e7e azal\u0131yordu. Kendi b\u00f6l\u00fcm\u00fcn\u00fc tamamlayan m\u00fczisyen elindeki mumu s\u00f6nd\u00fcr\u00fcyor ve salonu terk ediyordu. B\u00f6ylece senfoninin sonunda salonda hi\u00e7 kimse kalmam\u0131\u015f oluyordu. Bu yarat\u0131c\u0131 d\u00fc\u015f\u00fcncenin sonunda d\u00fck mesaj\u0131 ald\u0131 ve tatil iznini verdi.<\/p>\n<p>Zihin kilitlerimiz nelerdir?<\/p>\n<p>O zaman b\u00fct\u00fcn bu \u00f6rneklerden yola \u00e7\u0131karak \u00f6nce bizi frenleyen, yarat\u0131c\u0131 s\u00fcre\u00e7lerimizi ba\u015flatmam\u0131z\u0131 engelleyen kilitleri a\u00e7\u0131yoruz; do\u011fru cevap budur, b\u00f6yle olmal\u0131, mant\u0131kl\u0131 de\u011fil, bu benim alan\u0131m\u0131n d\u0131\u015f\u0131nda, hata yapar\u0131m, belirsizlik var, yakla\u015fmamam laz\u0131m, oyun vakit kayb\u0131d\u0131r, ben yarat\u0131c\u0131 bir insan de\u011filim ve bu fikrim kabul edilmez gibi kilitleri a\u00e7al\u0131m. \u00d6nceden haz\u0131rlanm\u0131\u015f cevaplara tak\u0131l\u0131 kalmayal\u0131m. Her zaman ikinci bir cevab\u0131n\u0131z olsun tabi bu cevaplar\u0131 bulmak i\u00e7in kulland\u0131\u011f\u0131n\u0131z sorular da farkl\u0131 olsun.<\/p>\n<p>Basit d\u00fc\u015f\u00fcnelim, karma\u015f\u0131k d\u00fc\u015f\u00fcnmek \u00e7o\u011funlukla bizi yarat\u0131c\u0131 olmaktan uzakla\u015ft\u0131r\u0131p bir hortum misali i\u00e7ine \u00e7eker sonra da kendimizi bamba\u015fka bir noktada buluruz.<\/p>\n<p>Yarat\u0131c\u0131 d\u00fc\u015f\u00fcnceyi parlatman\u0131n yollar\u0131 nelerdir?<\/p>\n<p>Yarat\u0131c\u0131 d\u00fc\u015f\u00fcnceyi parlatman\u0131n yollar\u0131na bir \u00f6rnek de varsay\u0131mlar\u0131 unutmakt\u0131r. K\u0131sacas\u0131 \u00e7ok daha yarat\u0131c\u0131 d\u00fc\u015f\u00fcnebilmek i\u00e7in zihinsel kilitlerimizi a\u00e7mal\u0131, varsay\u0131mlar\u0131m\u0131zdan kurtulmal\u0131, bildi\u011fimiz ilk do\u011fru cevaplar\u0131 unutarak, ikinci cevaplar\u0131 bulmaya \u00e7al\u0131\u015fmal\u0131 ve birden fazla fikir sahibi olmal\u0131y\u0131z. Yeni fikirlerin fayda sa\u011flayacak \u00f6zelliklerine odaklanmal\u0131y\u0131z. G\u00f6z\u00fcm\u00fcz\u00fcn \u00f6n\u00fcn de olanlardan \u00e7ok olmayanlar\u0131 d\u00fc\u015f\u00fcn\u00fcp fark\u0131na varmal\u0131y\u0131z. Bak\u0131\u015f a\u00e7\u0131m\u0131z\u0131 terse \u00e7evirmeli, tersten bakarak olaylar\u0131n komik yanlar\u0131n\u0131 da ke\u015ffetmeliyiz. Unutmayal\u0131m ki mizah zihni geli\u015ftirir.<\/p>\n<p>\u201cMizah\u0131n &#8220;ha ha&#8221; s\u0131 ile ke\u015ffin \u201caha\u201d s\u0131 aras\u0131nda g\u00fc\u00e7l\u00fc bir ili\u015fki vard\u0131r!\u201d<\/p>\n<p>Rastgele bilgilerin bizi harekete ge\u00e7iren bilgiler olabilece\u011fini unutmamal\u0131y\u0131z. Yarat\u0131c\u0131l\u0131k s\u00fcrecini h\u0131zland\u0131ran \u00f6nemli bir enerji g\u00fcc\u00fcn\u00fc hik\u00e2yele\u015ftirmeyi ve metaforlar\u0131 mutlaka kullanmal\u0131y\u0131z. B\u00fct\u00fcn bunlar\u0131 ger\u00e7ekle\u015ftirdikten sonra geriye \u00fc\u00e7 \u015fey kal\u0131yor, teredd\u00fct etmemeli, mazeret \u00fcretmemeli ve \u00f6nce kendimize inanmal\u0131y\u0131z.<\/p>\n<p>Tagore\u2019un dedi\u011fi gibi; \u201cG\u00fcne\u015fi g\u00f6zden ka\u00e7\u0131rd\u0131m diye a\u011flarsan y\u0131ld\u0131zlar\u0131 da g\u00f6remezsin.\u201d<\/p>\n<p>Sevgiyle ve \u00e7al\u0131\u015farak kal\u0131n\u2026<\/p>\n<p>Hanzade ACAR\n<\/p><\/div>","protected":false},"excerpt":{"rendered":"<p>(Bu makale HaberT\u00fcrk HT Hayat&#8217;ta yay\u0131nlanm\u0131\u015ft\u0131r.) Ge\u00e7ti\u011fimiz haftaki yaz\u0131mda hep beraber \u201cbeynimizi kam\u00e7\u0131layal\u0131m\u201d demi\u015ftik. Bayram tatili sona erdi, hatta y\u0131ll\u0131k izinler de bitti ve yepyeni bir \u00e7al\u0131\u015fma d\u00f6nemi ba\u015flad\u0131 diyebiliriz. Yaz aylar\u0131nda biraz daha a\u011f\u0131r d\u00fc\u015f\u00fcn\u00fclen, tatil odakl\u0131, d\u00fc\u015f\u00fcncelerin ve projelerin nadasa b\u0131rak\u0131ld\u0131\u011f\u0131 aylar ya\u015fan\u0131yor genellikle\u2026 Pedal \u00e7eviriyoruz\u2026 Tabi t\u00fcm bu tan\u0131mlamalar giri\u015fimciler i\u00e7in ge\u00e7erli [&hellip;]<\/p>","protected":false},"author":1,"featured_media":494,"parent":0,"menu_order":0,"comment_status":"closed","ping_status":"closed","template":"","meta":{"footnotes":""},"class_list":["post-414","page","type-page","status-publish","has-post-thumbnail","hentry"],"_links":{"self":[{"href":"https:\/\/onda.com.tr\/tr\/wp-json\/wp\/v2\/pages\/414"}],"collection":[{"href":"https:\/\/onda.com.tr\/tr\/wp-json\/wp\/v2\/pages"}],"about":[{"href":"https:\/\/onda.com.tr\/tr\/wp-json\/wp\/v2\/types\/page"}],"author":[{"embeddable":true,"href":"https:\/\/onda.com.tr\/tr\/wp-json\/wp\/v2\/users\/1"}],"replies":[{"embeddable":true,"href":"https:\/\/onda.com.tr\/tr\/wp-json\/wp\/v2\/comments?post=414"}],"version-history":[{"count":1,"href":"https:\/\/onda.com.tr\/tr\/wp-json\/wp\/v2\/pages\/414\/revisions"}],"predecessor-version":[{"id":415,"href":"https:\/\/onda.com.tr\/tr\/wp-json\/wp\/v2\/pages\/414\/revisions\/415"}],"wp:featuredmedia":[{"embeddable":true,"href":"https:\/\/onda.com.tr\/tr\/wp-json\/wp\/v2\/media\/494"}],"wp:attachment":[{"href":"https:\/\/onda.com.tr\/tr\/wp-json\/wp\/v2\/media?parent=414"}],"curies":[{"name":"wp","href":"https:\/\/api.w.org\/{rel}","templated":true}]}}